{"id":4398,"date":"2019-10-08T14:27:27","date_gmt":"2019-10-08T14:27:27","guid":{"rendered":"https:\/\/weserweitblick.de\/?page_id=4398"},"modified":"2019-11-17T13:18:42","modified_gmt":"2019-11-17T13:18:42","slug":"datenschutz","status":"publish","type":"page","link":"https:\/\/weserweitblick.de\/?page_id=4398","title":{"rendered":"Datenschutz"},"content":{"rendered":"\t\t<div data-elementor-type=\"wp-page\" data-elementor-id=\"4398\" class=\"elementor elementor-4398\" data-elementor-settings=\"[]\">\n\t\t\t\t\t\t<div class=\"elementor-inner\">\n\t\t\t\t\t\t\t<div class=\"elementor-section-wrap\">\n\t\t\t\t\t\t\t<section class=\"elementor-section elementor-top-section elementor-element elementor-element-4a2d39ee elementor-section-boxed elementor-section-height-default elementor-section-height-default\" data-id=\"4a2d39ee\" data-element_type=\"section\">\n\t\t\t\t\t\t<div class=\"elementor-container elementor-column-gap-default\">\n\t\t\t\t\t\t\t<div class=\"elementor-row\">\n\t\t\t\t\t<div class=\"elementor-column elementor-col-100 elementor-top-column elementor-element elementor-element-3b3c70d1\" data-id=\"3b3c70d1\" data-element_type=\"column\">\n\t\t\t<div class=\"elementor-column-wrap elementor-element-populated\">\n\t\t\t\t\t\t\t<div class=\"elementor-widget-wrap\">\n\t\t\t\t\t\t<div class=\"elementor-element elementor-element-1b1659ba elementor-widget elementor-widget-text-editor\" data-id=\"1b1659ba\" data-element_type=\"widget\" data-widget_type=\"text-editor.default\">\n\t\t\t\t<div class=\"elementor-widget-container\">\n\t\t\t\t\t\t\t\t<div class=\"elementor-text-editor elementor-clearfix\">\n\t\t\t\t\t<p><strong>Datenschutzerkl\u00e4rung<\/strong><\/p>\n<p>Wir freuen uns sehr \u00fcber Ihr Interesse an unserer Ferienwohnung. Datenschutz hat einen besonders hohen Stellenwert f\u00fcr uns. Eine Nutzung der Internetseiten der Ferienwohnung WeserWeitblick.de ist grunds\u00e4tzlich ohne jede Angabe personenbezogener Daten m\u00f6glich. Sofern eine betroffene Person besondere Services unseres Unternehmens \u00fcber unsere Internetseite in Anspruch nehmen m\u00f6chte, k\u00f6nnte jedoch eine Verarbeitung personenbezogener Daten erforderlich werden. Ist die Verarbeitung personenbezogener Daten erforderlich und besteht f\u00fcr eine solche Verarbeitung keine gesetzliche Grundlage, holen wir generell eine Einwilligung der betroffenen Person ein.<\/p>\n<p>Die Verarbeitung personenbezogener Daten, beispielsweise des Namens, der Anschrift, E-Mail-Adresse oder Telefonnummer einer betroffenen Person, erfolgt stets im Einklang mit der Datenschutz-Grundverordnung und in \u00dcbereinstimmung mit den f\u00fcr die Ferienwohnung geltenden landesspezifischen Datenschutzbestimmungen. Mittels dieser Datenschutzerkl\u00e4rung m\u00f6chte wir die \u00d6ffentlichkeit \u00fcber Art, Umfang und<br \/>Zweck der von uns erhobenen, genutzten und verarbeiteten personenbezogenen Daten informieren. Ferner werden betroffene Personen mittels dieser Datenschutzerkl\u00e4rung \u00fcber die ihnen zustehenden Rechte aufgekl\u00e4rt.<\/p>\n<p>Die Ferienwohnung WeserWeitblick.de hat als f\u00fcr die Verarbeitung Verantwortlicher zahlreiche technische und organisatorische Ma\u00dfnahmen umgesetzt, um einen m\u00f6glichst l\u00fcckenlosen Schutz der \u00fcber diese Internetseite verarbeiteten personenbezogenen Daten sicherzustellen. <strong>Dennoch k\u00f6nnen Internetbasierte Daten\u00fcbertragungen grunds\u00e4tzlich Sicherheitsl\u00fccken aufweisen, sodass ein absoluter Schutz nicht gew\u00e4hrleistet werden kann. Aus diesem Grund steht es jeder betroffenen Person frei, personenbezogene Daten auch auf alternativen Wegen, beispielsweise telefonisch oder formlos postalisch, unter Angabe des gew\u00fcnschten Buchungszeitraumes, Name, Anschrift, Telefonnummer und E-Mail Adresse an uns zu \u00fcbermitteln.<\/strong><\/p>\n<ol>\n<li><strong> Begriffsbestimmungen<\/strong><\/li>\n<\/ol>\n<p>Die Datenschutzerkl\u00e4rung vom WeserWeitblick.de beruht auf den Begrifflichkeiten, die durch den Europ\u00e4ischen Richtlinien- und Verordnungsgeber beim Erlass der Datenschutz-Grundverordnung (DS-GVO) verwendet wurden. Unsere Datenschutzerkl\u00e4rung soll sowohl f\u00fcr die \u00d6ffentlichkeit als auch f\u00fcr unsere Kunden und Gesch\u00e4ftspartner einfach lesbar und verst\u00e4ndlich sein. Um dies zu gew\u00e4hrleisten, m\u00f6chten wir vorab die verwendeten Begrifflichkeiten erl\u00e4utern.<\/p>\n<p>Wir verwenden in dieser Datenschutzerkl\u00e4rung unter anderem die folgenden Begriffe:<strong>\u00a0 \u00a0<\/strong><\/p>\n<p style=\"padding-left: 40px;\"><strong>a) personenbezogene Daten<\/strong><\/p>\n<p>Personenbezogene Daten sind alle Informationen, die<br \/>sich auf eine identifizierte oder identifizierbare nat\u00fcrliche Person (im<br \/>Folgenden \u201ebetroffene Person\u201c) beziehen. Als identifizierbar wird eine nat\u00fcrliche Person angesehen, die direkt oder indirekt, insbesondere mittels Zuordnung zu einer Kennung wie einem Namen, zu einer Kennnummer, zu Standortdaten, zu einer Online-Kennung oder zu einem oder mehreren besonderen Merkmalen, die Ausdruck der physischen, physiologischen, genetischen, psychischen, wirtschaftlichen, kulturellen oder sozialen Identit\u00e4t dieser nat\u00fcrlichen Person sind, identifiziert werden kann.<\/p>\n<p style=\"padding-left: 40px;\"><strong>b) betroffene Person<\/strong><\/p>\n<p>Betroffene Person ist jede identifizierte oder identifizierbare nat\u00fcrliche Person, deren personenbezogene Daten von dem f\u00fcr die Verarbeitung Verantwortlichen verarbeitet werden.<\/p>\n<p style=\"padding-left: 40px;\"><strong>c)\u00a0\u00a0 Verarbeitung<\/strong><\/p>\n<p>Verarbeitung ist jeder mit oder ohne Hilfe automatisierter Verfahren ausgef\u00fchrte Vorgang oder jede solche Vorgangsreihe im Zusammenhang mit personenbezogenen Daten wie das Erheben, das Erfassen, die Organisation, das Ordnen, die Speicherung, die Anpassung oder Ver\u00e4nderung, das Auslesen, das Abfragen, die Verwendung, die Offenlegung durch \u00dcbermittlung, Verbreitung oder eine andere Form der Bereitstellung, den Abgleich oder die Verkn\u00fcpfung, die Einschr\u00e4nkung, das L\u00f6schen oder die Vernichtung. Die Ferienwohnung Wesereitblick.de verarbeitet die im Zusammenhang mit Ihrer Buchung erhobenen personenbezogenen Daten zum Zweck der Durchf\u00fchrung eines Vertragsverh\u00e4ltnisses. Die durch Sie angegebenen Kontaktdaten, sowie die im Verlauf der Abwicklung der Buchung erhobenen Daten, werden zur Vertragsabwicklung gespeichert.<\/p>\n<p style=\"padding-left: 40px;\"><strong>d) Einschr\u00e4nkung der Verarbeitung<\/strong><\/p>\n<p>Einschr\u00e4nkung der Verarbeitung ist die Markierung gespeicherter personenbezogener Daten mit dem Ziel, ihre k\u00fcnftige Verarbeitung einzuschr\u00e4nken.<\/p>\n<p style=\"padding-left: 40px;\"><strong>e) Profiling<\/strong><\/p>\n<p>Profiling ist jede Art der automatisierten<br \/>Verarbeitung personenbezogener Daten, die darin besteht, dass diese<br \/>personenbezogenen Daten verwendet werden, um bestimmte pers\u00f6nliche Aspekte, die<br \/>sich auf eine nat\u00fcrliche Person beziehen, zu bewerten, insbesondere, um Aspekte<br \/>bez\u00fcglich Arbeitsleistung, wirtschaftlicher Lage, Gesundheit, pers\u00f6nlicher<br \/>Vorlieben, Interessen, Zuverl\u00e4ssigkeit, Verhalten, Aufenthaltsort oder<br \/>Ortswechsel dieser nat\u00fcrlichen Person zu analysieren oder vorherzusagen.<\/p>\n<p style=\"padding-left: 40px;\"><strong>f) Pseudonymisierung<\/strong><\/p>\n<p>Pseudonymisierung ist die Verarbeitung<br \/>personenbezogener Daten in einer Weise, auf welche die personenbezogenen Daten<br \/>ohne Hinzuziehung zus\u00e4tzlicher Informationen nicht mehr einer spezifischen<br \/>betroffenen Person zugeordnet werden k\u00f6nnen, sofern diese zus\u00e4tzlichen<br \/>Informationen gesondert aufbewahrt werden und technischen und organisatorischen<br \/>Ma\u00dfnahmen unterliegen, die gew\u00e4hrleisten, dass die personenbezogenen Daten<br \/>nicht einer identifizierten oder identifizierbaren nat\u00fcrlichen Person<br \/>zugewiesen werden.<\/p>\n<p style=\"padding-left: 40px;\"><strong>g) Verantwortlicher oder f\u00fcr die Verarbeitung Verantwortlicher<\/strong><\/p>\n<p>Verantwortlicher oder f\u00fcr die Verarbeitung<br \/>Verantwortlicher ist die nat\u00fcrliche oder juristische Person, Beh\u00f6rde,<br \/>Einrichtung oder andere Stelle, die allein oder gemeinsam mit anderen \u00fcber die<br \/>Zwecke und Mittel der Verarbeitung von personenbezogenen Daten entscheidet.<br \/>Sind die Zwecke und Mittel dieser Verarbeitung durch das Unionsrecht oder das<br \/>Recht der Mitgliedstaaten vorgegeben, so kann der Verantwortliche<br \/>beziehungsweise k\u00f6nnen die bestimmten Kriterien seiner Benennung nach dem<br \/>Unionsrecht oder dem Recht der Mitgliedstaaten vorgesehen werden.<\/p>\n<p style=\"padding-left: 40px;\"><strong>h) Auftragsverarbeiter<\/strong><\/p>\n<p>Auftragsverarbeiter ist eine nat\u00fcrliche oder<br \/>juristische Person, Beh\u00f6rde, Einrichtung oder andere Stelle, die<br \/>personenbezogene Daten im Auftrag des Verantwortlichen verarbeitet.<\/p>\n<p style=\"padding-left: 40px;\"><strong>i) Empf\u00e4nger<\/strong><\/p>\n<p>Empf\u00e4nger ist eine nat\u00fcrliche oder juristische Person,<br \/>Beh\u00f6rde, Einrichtung oder andere Stelle, der personenbezogene Daten offengelegt<br \/>werden, unabh\u00e4ngig davon, ob es sich bei ihr um einen Dritten handelt oder<br \/>nicht. Beh\u00f6rden, die im Rahmen eines bestimmten Untersuchungsauftrags nach dem<br \/>Unionsrecht oder dem Recht der Mitgliedstaaten m\u00f6glicherweise personenbezogene<br \/>Daten erhalten, gelten jedoch nicht als Empf\u00e4nger.<\/p>\n<p style=\"padding-left: 40px;\"><strong>j) Dritter<\/strong><\/p>\n<p>Dritter ist eine nat\u00fcrliche oder juristische Person,<br \/>Beh\u00f6rde, Einrichtung oder andere Stelle au\u00dfer der betroffenen Person, dem<br \/>Verantwortlichen, dem Auftragsverarbeiter und den Personen, die unter der<br \/>unmittelbaren Verantwortung des Verantwortlichen oder des Auftragsverarbeiters<br \/>befugt sind, die personenbezogenen Daten zu verarbeiten.<\/p>\n<p style=\"padding-left: 40px;\"><strong>k) Einwilligung<\/strong><\/p>\n<p>Einwilligung ist jede von der betroffenen Person<br \/>freiwillig f\u00fcr den bestimmten Fall in informierter Weise und unmissverst\u00e4ndlich<br \/>abgegebene Willensbekundung in Form einer Erkl\u00e4rung oder einer sonstigen<br \/>eindeutigen best\u00e4tigenden Handlung, mit der die betroffene Person zu verstehen<br \/>gibt, dass sie mit der Verarbeitung der sie betreffenden personenbezogenen<br \/>Daten einverstanden ist.<\/p>\n<ol start=\"2\">\n<li><strong> Name und Anschrift des f\u00fcr die Verarbeitung<br \/>Verantwortlichen<\/strong><\/li>\n<\/ol>\n<p>Verantwortlicher im Sinne der Datenschutz-Grundverordnung, sonstiger in den Mitgliedstaaten der Europ\u00e4ischen Union geltenden Datenschutzgesetze und anderer Bestimmungen mit datenschutzrechtlichem Charakter ist die:<\/p>\n<p><strong>Ferienwohnung<\/strong><strong><br \/><\/strong><strong>WeserWeitblick.de<\/strong><strong><br \/><\/strong><strong>Elke Jungbluth<\/strong><br \/><span>Heilbronner Weg 7<br \/>28215 Bremen<\/span><br \/>Mobil: 0173 7012844<\/p>\n<ol start=\"3\">\n<li><strong> Erfassung von allgemeinen Daten und Informationen<\/strong><\/li>\n<\/ol>\n<p>Die<br \/>Internetseite der WeserWeitblick.de\u00a0erfasst mit jedem Aufruf der<br \/>Internetseite durch eine betroffene Person oder ein automatisiertes System eine<br \/>Reihe von allgemeinen Daten und Informationen. Diese allgemeinen Daten und<br \/>Informationen werden in den Logfiles des Servers gespeichert. Erfasst werden<br \/>k\u00f6nnen die<\/p>\n<p>(1) verwendeten Browsertypen und Versionen,<\/p>\n<p>(2) das vom zugreifenden<br \/>System verwendete Betriebssystem,<\/p>\n<p>(3) die Internetseite, von welcher ein<br \/>zugreifendes System auf unsere Internetseite gelangt (sogenannte Referrer),<\/p>\n<p>(4) die Unterwebseiten, welche \u00fcber ein zugreifendes System auf unserer<br \/>Internetseite angesteuert werden,<\/p>\n<p>(5) das Datum und die Uhrzeit eines Zugriffs<br \/>auf die Internetseite,<\/p>\n<p>(6) eine Internet-Protokoll-Adresse (IP-Adresse),<\/p>\n<p>(7)<br \/>der Internet-Service-Provider des zugreifenden Systems und<\/p>\n<p>(8) sonstige<br \/>\u00e4hnliche Daten und Informationen, die der Gefahrenabwehr im Falle von Angriffen auf unsere informationstechnologischen Systeme dienen.<\/p>\n<p>Bei der<br \/>Nutzung dieser allgemeinen Daten und Informationen zieht die<br \/>WeserWeitblick.de keine R\u00fcckschl\u00fcsse auf die betroffene Person. Diese<br \/>Informationen werden vielmehr ben\u00f6tigt, um (1) die Inhalte unserer Internetseite<br \/>korrekt auszuliefern, (2) die Inhalte unserer Internetseite sowie die Werbung<br \/>f\u00fcr diese zu optimieren, (3) die dauerhafte Funktionsf\u00e4higkeit unserer<br \/>informationstechnologischen Systeme und der Technik unserer Internetseite zu<br \/>gew\u00e4hrleisten sowie (4) um Strafverfolgungsbeh\u00f6rden im Falle eines<br \/>Cyberangriffes die zur Strafverfolgung notwendigen Informationen<br \/>bereitzustellen. Diese anonym erhobenen Daten und Informationen werden durch<br \/>die \u00a0WeserWeitblick.de\u00a0daher einerseits statistisch und ferner mit dem<br \/>Ziel ausgewertet, den Datenschutz und die Datensicherheit in unserem<br \/>Unternehmen zu erh\u00f6hen, um letztlich ein optimales Schutzniveau f\u00fcr die von uns<br \/>verarbeiteten personenbezogenen Daten sicherzustellen. Die anonymen Daten der<br \/>Server-Logfiles werden getrennt von allen durch eine betroffene Person<br \/>angegebenen personenbezogenen Daten gespeichert.<\/p>\n<ol start=\"4\">\n<li><strong> Kontaktm\u00f6glichkeit \u00fcber die Internetseite<\/strong><\/li>\n<\/ol>\n<p>Die Internetseite der WeserWeitblick.de enth\u00e4lt aufgrund von gesetzlichen<br \/>Vorschriften Angaben, die eine schnelle elektronische Kontaktaufnahme zu<br \/>unserem Unternehmen sowie eine unmittelbare Kommunikation mit uns erm\u00f6glichen,<br \/>was ebenfalls eine allgemeine Adresse der sogenannten elektronischen Post<br \/>(E-Mail-Adresse) umfasst. Sofern eine betroffene Person per E-Mail oder \u00fcber<br \/>ein Kontaktformular den Kontakt mit dem f\u00fcr die Verarbeitung Verantwortlichen<br \/>aufnimmt, werden die von der betroffenen Person \u00fcbermittelten personenbezogenen<br \/>Daten automatisch gespeichert. Solche auf freiwilliger Basis von einer betroffenen<br \/>Person an den f\u00fcr die Verarbeitung Verantwortlichen \u00fcbermittelten<br \/>personenbezogenen Daten werden f\u00fcr Zwecke der Bearbeitung oder der<br \/>Kontaktaufnahme zur betroffenen Person gespeichert. Es erfolgt keine Weitergabe<br \/>dieser personenbezogenen Daten an Dritte.<\/p>\n<ol start=\"5\">\n<li><strong> Kommentarfunktion im Blog auf der Internetseite<\/strong><\/li>\n<\/ol>\n<p>Die WeserWeitblick.de bietet den Nutzern auf einem Blog, der sich auf der<br \/>Internetseite des f\u00fcr die Verarbeitung Verantwortlichen befindet, die<br \/>M\u00f6glichkeit, individuelle Kommentare zu einzelnen Blog-Beitr\u00e4gen zu<br \/>hinterlassen. Ein Blog ist ein auf einer Internetseite gef\u00fchrtes, in der Regel<br \/>\u00f6ffentlich einsehbares Portal, in welchem eine oder mehrere Personen, die<br \/>Blogger oder Web-Blogger genannt werden, Artikel posten oder Gedanken in<br \/>sogenannten Blogposts niederschreiben k\u00f6nnen. Die Blogposts k\u00f6nnen in der Regel<br \/>von Dritten kommentiert werden.<\/p>\n<p>Hinterl\u00e4sst<br \/>eine betroffene Person einen Kommentar in dem auf dieser Internetseite<br \/>ver\u00f6ffentlichten Blog, werden neben den von der betroffenen Person hinterlassenen<br \/>Kommentaren auch Angaben zum Zeitpunkt der Kommentareingabe sowie zu dem von<br \/>der betroffenen Person gew\u00e4hlten Nutzernamen (Pseudonym) gespeichert und<br \/>ver\u00f6ffentlicht. Ferner wird die vom Internet-Service-Provider (ISP) der<br \/>betroffenen Person vergebene IP-Adresse mitprotokolliert. Diese Speicherung der<br \/>IP-Adresse erfolgt aus Sicherheitsgr\u00fcnden und f\u00fcr den Fall, dass die betroffene<br \/>Person durch einen abgegebenen Kommentar die Rechte Dritter verletzt oder<br \/>rechtswidrige Inhalte postet. Die Speicherung dieser personenbezogenen Daten<br \/>erfolgt daher im eigenen Interesse des f\u00fcr die Verarbeitung Verantwortlichen,<br \/>damit sich dieser im Falle einer Rechtsverletzung gegebenenfalls exkulpieren<br \/>k\u00f6nnte. Es erfolgt keine Weitergabe dieser erhobenen personenbezogenen Daten an<br \/>Dritte, sofern eine solche Weitergabe nicht gesetzlich vorgeschrieben ist oder<br \/>der Rechtsverteidigung des f\u00fcr die Verarbeitung Verantwortlichen dient.<\/p>\n<ol start=\"6\">\n<li><strong> Routinem\u00e4\u00dfige L\u00f6schung und Sperrung von<br \/>personenbezogenen Daten<\/strong><\/li>\n<\/ol>\n<p>Der f\u00fcr die<br \/>Verarbeitung Verantwortliche verarbeitet und speichert personenbezogene Daten<br \/>der betroffenen Person nur f\u00fcr den Zeitraum, der zur Erreichung des<br \/>Speicherungszwecks erforderlich ist oder sofern dies durch den Europ\u00e4ischen<br \/>Richtlinien- und Verordnungsgeber oder einen anderen Gesetzgeber in Gesetzen<br \/>oder Vorschriften, welchen der f\u00fcr die Verarbeitung Verantwortliche unterliegt,<br \/>vorgesehen wurde.<\/p>\n<p>Entf\u00e4llt der<br \/>Speicherungszweck oder l\u00e4uft eine vom Europ\u00e4ischen Richtlinien- und<br \/>Verordnungsgeber oder einem anderen zust\u00e4ndigen Gesetzgeber vorgeschriebene<br \/>Speicherfrist ab, werden die personenbezogenen Daten routinem\u00e4\u00dfig und<br \/>entsprechend den gesetzlichen Vorschriften gesperrt oder gel\u00f6scht.<\/p>\n<ol start=\"7\">\n<li><strong> Rechte der betroffenen Person<\/strong><\/li>\n<\/ol>\n<p style=\"padding-left: 40px;\"><strong>a) Recht auf Best\u00e4tigung<\/strong><\/p>\n<ul><\/ul>\n<p>Jede betroffene Person hat das vom Europ\u00e4ischen<br \/>Richtlinien- und Verordnungsgeber einger\u00e4umte Recht, von dem f\u00fcr die<br \/>Verarbeitung Verantwortlichen eine Best\u00e4tigung dar\u00fcber zu verlangen, ob sie<br \/>betreffende personenbezogene Daten verarbeitet werden. M\u00f6chte eine betroffene<br \/>Person dieses Best\u00e4tigungsrecht in Anspruch nehmen, kann sie sich hierzu<br \/>jederzeit an einen Mitarbeiter des f\u00fcr die Verarbeitung Verantwortlichen<br \/>wenden.<\/p>\n<p style=\"padding-left: 40px;\"><strong>b) Recht auf Auskunft<\/strong><\/p>\n<p>Jede von der Verarbeitung personenbezogener Daten<br \/>betroffene Person hat das vom Europ\u00e4ischen Richtlinien- und Verordnungsgeber<br \/>gew\u00e4hrte Recht, jederzeit von dem f\u00fcr die Verarbeitung Verantwortlichen<br \/>unentgeltliche Auskunft \u00fcber die zu seiner Person gespeicherten<br \/>personenbezogenen Daten und eine Kopie dieser Auskunft zu erhalten. Ferner hat<br \/>der Europ\u00e4ische Richtlinien- und Verordnungsgeber der betroffenen Person<br \/>Auskunft \u00fcber folgende Informationen zugestanden:<\/p>\n<ul>\n<li>die Verarbeitungszwecke<\/li>\n<li>die Kategorien<br \/>personenbezogener Daten, die verarbeitet werden<\/li>\n<li>die Empf\u00e4nger oder Kategorien<br \/>von Empf\u00e4ngern, gegen\u00fcber denen die personenbezogenen Daten offengelegt<br \/>worden sind oder noch offengelegt werden, insbesondere bei Empf\u00e4ngern in<br \/>Drittl\u00e4ndern oder bei internationalen Organisationen<\/li>\n<li>falls m\u00f6glich die geplante<br \/>Dauer, f\u00fcr die die personenbezogenen Daten gespeichert werden, oder,<br \/>falls dies nicht m\u00f6glich ist, die Kriterien f\u00fcr die Festlegung dieser<br \/>Dauer<\/li>\n<li>das Bestehen eines Rechts auf<br \/>Berichtigung oder L\u00f6schung der sie betreffenden personenbezogenen Daten<br \/>oder auf Einschr\u00e4nkung der Verarbeitung durch den Verantwortlichen oder<br \/>eines Widerspruchsrechts gegen diese Verarbeitung<\/li>\n<li>das Bestehen eines<br \/>Beschwerderechts bei einer Aufsichtsbeh\u00f6rde<\/li>\n<li>wenn die personenbezogenen<br \/>Daten nicht bei der betroffenen Person erhoben werden: Alle verf\u00fcgbaren<br \/>Informationen \u00fcber die Herkunft der Daten<\/li>\n<li>das Bestehen einer<br \/>automatisierten Entscheidungsfindung einschlie\u00dflich Profiling gem\u00e4\u00df<br \/>Artikel 22 Abs.1 und 4 DS-GVO und \u2014 zumindest in diesen F\u00e4llen \u2014<br \/>aussagekr\u00e4ftige Informationen \u00fcber die involvierte Logik sowie die<br \/>Tragweite und die angestrebten Auswirkungen einer derartigen Verarbeitung<br \/>f\u00fcr die betroffene Person<\/li>\n<\/ul>\n<p>Ferner steht der betroffenen Person ein Auskunftsrecht<br \/>dar\u00fcber zu, ob personenbezogene Daten an ein Drittland oder an eine<br \/>internationale Organisation \u00fcbermittelt wurden. Sofern dies der Fall ist, so<br \/>steht der betroffenen Person im \u00dcbrigen das Recht zu, Auskunft \u00fcber die geeigneten<br \/>Garantien im Zusammenhang mit der \u00dcbermittlung zu erhalten.<\/p>\n<p>M\u00f6chte eine betroffene Person dieses Auskunftsrecht in<br \/>Anspruch nehmen, kann sie sich hierzu jederzeit an einen Mitarbeiter des f\u00fcr<br \/>die Verarbeitung Verantwortlichen wenden.<\/p>\n<p style=\"padding-left: 40px;\"><strong>c) Recht auf Berichtigung<\/strong><\/p>\n<p>Jede von der Verarbeitung personenbezogener Daten<br \/>betroffene Person hat das vom Europ\u00e4ischen Richtlinien- und Verordnungsgeber<br \/>gew\u00e4hrte Recht, die unverz\u00fcgliche Berichtigung sie betreffender unrichtiger<br \/>personenbezogener Daten zu verlangen. Ferner steht der betroffenen Person das<br \/>Recht zu, unter Ber\u00fccksichtigung der Zwecke der Verarbeitung, die<br \/>Vervollst\u00e4ndigung unvollst\u00e4ndiger personenbezogener Daten \u2014 auch mittels einer<br \/>erg\u00e4nzenden Erkl\u00e4rung \u2014 zu verlangen.<\/p>\n<p>M\u00f6chte eine betroffene Person dieses<br \/>Berichtigungsrecht in Anspruch nehmen, kann sie sich hierzu jederzeit an einen<br \/>Mitarbeiter des f\u00fcr die Verarbeitung Verantwortlichen wenden.<\/p>\n<p style=\"padding-left: 40px;\"><strong>d) Recht auf L\u00f6schung (Recht auf Vergessen werden)<\/strong><\/p>\n<p>Jede von der Verarbeitung personenbezogener Daten<br \/>betroffene Person hat das vom Europ\u00e4ischen Richtlinien- und Verordnungsgeber<br \/>gew\u00e4hrte Recht, von dem Verantwortlichen zu verlangen, dass die sie<br \/>betreffenden personenbezogenen Daten unverz\u00fcglich gel\u00f6scht werden, sofern einer<br \/>der folgenden Gr\u00fcnde zutrifft und soweit die Verarbeitung nicht erforderlich<br \/>ist:<\/p>\n<ul>\n<li>Die personenbezogenen Daten<br \/>wurden f\u00fcr solche Zwecke erhoben oder auf sonstige Weise verarbeitet, f\u00fcr<br \/>welche sie nicht mehr notwendig sind.<\/li>\n<li>Die betroffene Person<br \/>widerruft ihre Einwilligung, auf die sich die Verarbeitung gem\u00e4\u00df Art. 6<br \/>Abs. 1 Buchstabe a DS-GVO oder Art. 9 Abs. 2 Buchstabe a DS-GVO st\u00fctzte,<br \/>und es fehlt an einer anderweitigen Rechtsgrundlage f\u00fcr die Verarbeitung.<\/li>\n<li>Die betroffene Person legt<br \/>gem\u00e4\u00df Art. 21 Abs. 1 DS-GVO Widerspruch gegen die Verarbeitung ein, und<br \/>es liegen keine vorrangigen berechtigten Gr\u00fcnde f\u00fcr die Verarbeitung vor,<br \/>oder die betroffene Person legt gem\u00e4\u00df Art. 21 Abs. 2 DS-GVO Widerspruch<br \/>gegen die Verarbeitung ein.<\/li>\n<li>Die personenbezogenen Daten<br \/>wurden unrechtm\u00e4\u00dfig verarbeitet.<\/li>\n<li>Die L\u00f6schung der<br \/>personenbezogenen Daten ist zur Erf\u00fcllung einer rechtlichen Verpflichtung<br \/>nach dem Unionsrecht oder dem Recht der Mitgliedstaaten erforderlich, dem<br \/>der Verantwortliche unterliegt.<\/li>\n<li>Die personenbezogenen Daten<br \/>wurden in Bezug auf angebotene Dienste der Informationsgesellschaft gem\u00e4\u00df<br \/>Art. 8 Abs. 1 DS-GVO erhoben.<\/li>\n<\/ul>\n<p>Sofern einer der oben genannten Gr\u00fcnde zutrifft und<br \/>eine betroffene Person die L\u00f6schung von personenbezogenen Daten, die bei der<br \/>WeserWeitblick.de gespeichert sind, veranlassen m\u00f6chte, kann sie sich<br \/>hierzu jederzeit an WeserWeitblick.de wenden. Es wird veranlassen,<br \/>dass dem L\u00f6schverlangen unverz\u00fcglich nachgekommen wird.<\/p>\n<p>Wurden die personenbezogenen Daten von der<br \/>WeserWeitblick.de \u00f6ffentlich gemacht und ist unser Unternehmen als<br \/>Verantwortlicher gem\u00e4\u00df Art. 17 Abs. 1 DS-GVO zur L\u00f6schung der personenbezogenen<br \/>Daten verpflichtet, so trifft die WeserWeitblick.de unter<br \/>Ber\u00fccksichtigung der verf\u00fcgbaren Technologie und der Implementierungskosten<br \/>angemessene Ma\u00dfnahmen, auch technischer Art, um andere f\u00fcr die<br \/>Datenverarbeitung Verantwortliche, welche die ver\u00f6ffentlichten<br \/>personenbezogenen Daten verarbeiten, dar\u00fcber in Kenntnis zu setzen, dass die<br \/>betroffene Person von diesen anderen f\u00fcr die Datenverarbeitung Verantwortlichen<br \/>die L\u00f6schung s\u00e4mtlicher Links zu diesen personenbezogenen Daten oder von Kopien<br \/>oder Replikationen dieser personenbezogenen Daten verlangt hat, soweit die<br \/>Verarbeitung nicht erforderlich ist. Der Mitarbeiter der<br \/>WeserWeitblick.de wird im Einzelfall das Notwendige veranlassen.<\/p>\n<p style=\"padding-left: 40px;\"><strong>e)\u00a0Recht auf Einschr\u00e4nkung der Verarbeitung<\/strong><\/p>\n<p>Jede von der Verarbeitung personenbezogener Daten<br \/>betroffene Person hat das vom Europ\u00e4ischen Richtlinien- und Verordnungsgeber<br \/>gew\u00e4hrte Recht, von dem Verantwortlichen die Einschr\u00e4nkung der Verarbeitung zu<br \/>verlangen, wenn eine der folgenden Voraussetzungen gegeben ist:<\/p>\n<ul>\n<li>Die Richtigkeit der<br \/>personenbezogenen Daten wird von der betroffenen Person bestritten, und<br \/>zwar f\u00fcr eine Dauer, die es dem Verantwortlichen erm\u00f6glicht, die Richtigkeit<br \/>der personenbezogenen Daten zu \u00fcberpr\u00fcfen.<\/li>\n<li>Die Verarbeitung ist<br \/>unrechtm\u00e4\u00dfig, die betroffene Person lehnt die L\u00f6schung der<br \/>personenbezogenen Daten ab und verlangt stattdessen die Einschr\u00e4nkung der<br \/>Nutzung der personenbezogenen Daten.<\/li>\n<li>Der Verantwortliche ben\u00f6tigt<br \/>die personenbezogenen Daten f\u00fcr die Zwecke der Verarbeitung nicht l\u00e4nger,<br \/>die betroffene Person ben\u00f6tigt sie jedoch zur Geltendmachung, Aus\u00fcbung<br \/>oder Verteidigung von Rechtsanspr\u00fcchen.<\/li>\n<li>Die betroffene Person hat<br \/>Widerspruch gegen die Verarbeitung gem. Art. 21 Abs. 1 DS-GVO eingelegt<br \/>und es steht noch nicht fest, ob die berechtigten Gr\u00fcnde des<br \/>Verantwortlichen gegen\u00fcber denen der betroffenen Person \u00fcberwiegen.<\/li>\n<\/ul>\n<p>Sofern eine der oben genannten Voraussetzungen gegeben<br \/>ist und eine betroffene Person die Einschr\u00e4nkung von personenbezogenen Daten,<br \/>die bei der WeserWeitblick.de gespeichert sind, verlangen m\u00f6chte, kann<br \/>sie sich hierzu jederzeit an einen Mitarbeiter des f\u00fcr die Verarbeitung<br \/>Verantwortlichen wenden. Der Mitarbeiter der WeserWeitblick.de wird die<br \/>Einschr\u00e4nkung der Verarbeitung veranlassen.<\/p>\n<p style=\"padding-left: 40px;\"><strong>f) Recht auf Daten\u00fcbertragbarkeit<\/strong><\/p>\n<p>Jede von der Verarbeitung personenbezogener Daten<br \/>betroffene Person hat das vom Europ\u00e4ischen Richtlinien- und Verordnungsgeber<br \/>gew\u00e4hrte Recht, die sie betreffenden personenbezogenen Daten, welche durch die<br \/>betroffene Person einem Verantwortlichen bereitgestellt wurden, in einem<br \/>strukturierten, g\u00e4ngigen und maschinenlesbaren Format zu erhalten. Sie hat<br \/>au\u00dferdem das Recht, diese Daten einem anderen Verantwortlichen ohne Behinderung<br \/>durch den Verantwortlichen, dem die personenbezogenen Daten bereitgestellt<br \/>wurden, zu \u00fcbermitteln, sofern die Verarbeitung auf der Einwilligung gem\u00e4\u00df Art.<br \/>6 Abs. 1 Buchstabe a DS-GVO oder Art. 9 Abs. 2 Buchstabe a DS-GVO oder auf<br \/>einem Vertrag gem\u00e4\u00df Art. 6 Abs. 1 Buchstabe b DS-GVO beruht und die<br \/>Verarbeitung mithilfe automatisierter Verfahren erfolgt, sofern die<br \/>Verarbeitung nicht f\u00fcr die Wahrnehmung einer Aufgabe erforderlich ist, die im<br \/>\u00f6ffentlichen Interesse liegt oder in Aus\u00fcbung \u00f6ffentlicher Gewalt erfolgt,<br \/>welche dem Verantwortlichen \u00fcbertragen wurde.<\/p>\n<p>Ferner hat die betroffene Person bei der Aus\u00fcbung<br \/>ihres Rechts auf Daten\u00fcbertragbarkeit gem\u00e4\u00df Art. 20 Abs. 1 DS-GVO das Recht, zu<br \/>erwirken, dass die personenbezogenen Daten direkt von einem Verantwortlichen an<br \/>einen anderen Verantwortlichen \u00fcbermittelt werden, soweit dies technisch<br \/>machbar ist und sofern hiervon nicht die Rechte und Freiheiten anderer Personen<br \/>beeintr\u00e4chtigt werden.<\/p>\n<p>Zur Geltendmachung des Rechts auf Daten\u00fcbertragbarkeit<br \/>kann sich die betroffene Person jederzeit an einen Mitarbeiter der<br \/>WeserWeitblick.de wenden.<\/p>\n<p style=\"padding-left: 40px;\"><strong>g) Recht auf Widerspruch<\/strong><\/p>\n<p>Jede von der Verarbeitung personenbezogener Daten<br \/>betroffene Person hat das vom Europ\u00e4ischen Richtlinien- und Verordnungsgeber<br \/>gew\u00e4hrte Recht, aus Gr\u00fcnden, die sich aus ihrer besonderen Situation ergeben,<br \/>jederzeit gegen die Verarbeitung sie betreffender personenbezogener Daten, die<br \/>aufgrund von Art. 6 Abs. 1 Buchstaben e oder f DS-GVO erfolgt, Widerspruch<br \/>einzulegen. Dies gilt auch f\u00fcr ein auf diese Bestimmungen gest\u00fctztes Profiling.<\/p>\n<p>Die WeserWeitblick.de de verarbeitet die<br \/>personenbezogenen Daten im Falle des Widerspruchs nicht mehr, es sei denn, wir<br \/>k\u00f6nnen zwingende schutzw\u00fcrdige Gr\u00fcnde f\u00fcr die Verarbeitung nachweisen, die den<br \/>Interessen, Rechten und Freiheiten der betroffenen Person \u00fcberwiegen, oder die<br \/>Verarbeitung dient der Geltendmachung, Aus\u00fcbung oder Verteidigung von<br \/>Rechtsanspr\u00fcchen.<\/p>\n<p>Verarbeitet die WeserWeitblick.de personenbezogene Daten, um Direktwerbung zu betreiben, so hat die betroffene Person das Recht, jederzeit Widerspruch gegen die Verarbeitung der<br \/>personenbezogenen Daten zum Zwecke derartiger Werbung einzulegen. Dies gilt<br \/>auch f\u00fcr das Profiling, soweit es mit solcher Direktwerbung in Verbindung<br \/>steht. Widerspricht die betroffene Person gegen\u00fcber der<br \/>WeserWeitblick.de der Verarbeitung f\u00fcr Zwecke der Direktwerbung, so<br \/>wird die WeserWeitblick.de die personenbezogenen Daten nicht mehr f\u00fcr<br \/>diese Zwecke verarbeiten.<\/p>\n<p>Zudem hat die betroffene Person das Recht, aus<br \/>Gr\u00fcnden, die sich aus ihrer besonderen Situation ergeben, gegen die sie<br \/>betreffende Verarbeitung personenbezogener Daten, die bei der<br \/>WeserWeitblick.de zu wissenschaftlichen oder historischen<br \/>Forschungszwecken oder zu statistischen Zwecken gem\u00e4\u00df Art. 89 Abs. 1 DS-GVO<br \/>erfolgen, Widerspruch einzulegen, es sei denn, eine solche Verarbeitung ist zur<br \/>Erf\u00fcllung einer im \u00f6ffentlichen Interesse liegenden Aufgabe erforderlich.<\/p>\n<p>Zur Aus\u00fcbung des Rechts auf Widerspruch kann sich die<br \/>betroffene Person direkt an WeserWeitblick.de oder einen anderen<br \/>Mitarbeiter wenden. Der betroffenen Person steht es ferner frei, im<br \/>Zusammenhang mit der Nutzung von Diensten der Informationsgesellschaft,<br \/>ungeachtet der Richtlinie 2002\/58\/EG, ihr Widerspruchsrecht mittels<br \/>automatisierter Verfahren auszu\u00fcben, bei denen technische Spezifikationen<br \/>verwendet werden.<\/p>\n<p style=\"padding-left: 40px;\"><strong>h)\u00a0\u00a0\u00a0Automatisierte Entscheidungen im Einzelfall einschlie\u00dflich Profiling<\/strong><\/p>\n<p>Jede von der Verarbeitung personenbezogener Daten<br \/>betroffene Person hat das vom Europ\u00e4ischen Richtlinien- und Verordnungsgeber<br \/>gew\u00e4hrte Recht, nicht einer ausschlie\u00dflich auf einer automatisierten<br \/>Verarbeitung \u2014 einschlie\u00dflich Profiling \u2014 beruhenden Entscheidung unterworfen<br \/>zu werden, die ihr gegen\u00fcber rechtliche Wirkung entfaltet oder sie in \u00e4hnlicher<br \/>Weise erheblich beeintr\u00e4chtigt, sofern die Entscheidung (1) nicht f\u00fcr den<br \/>Abschluss oder die Erf\u00fcllung eines Vertrags zwischen der betroffenen Person und<br \/>dem Verantwortlichen erforderlich ist, oder (2) aufgrund von Rechtsvorschriften<br \/>der Union oder der Mitgliedstaaten, denen der Verantwortliche unterliegt,<br \/>zul\u00e4ssig ist und diese Rechtsvorschriften angemessene Ma\u00dfnahmen zur Wahrung der<br \/>Rechte und Freiheiten sowie der berechtigten Interessen der betroffenen Person<br \/>enthalten oder (3) mit ausdr\u00fccklicher Einwilligung der betroffenen Person<br \/>erfolgt.<\/p>\n<p>Ist die Entscheidung (1) f\u00fcr den Abschluss oder die<br \/>Erf\u00fcllung eines Vertrags zwischen der betroffenen Person und dem<br \/>Verantwortlichen erforderlich oder (2) erfolgt sie mit ausdr\u00fccklicher<br \/>Einwilligung der betroffenen Person, trifft die WeserWeitblick.de<br \/>angemessene Ma\u00dfnahmen, um die Rechte und Freiheiten sowie die berechtigten<br \/>Interessen der betroffenen Person zu wahren, wozu mindestens das Recht auf<br \/>Erwirkung des Eingreifens einer Person seitens des Verantwortlichen, auf<br \/>Darlegung des eigenen Standpunkts und auf Anfechtung der Entscheidung geh\u00f6rt.<\/p>\n<p>M\u00f6chte die betroffene Person Rechte mit Bezug auf<br \/>automatisierte Entscheidungen geltend machen, kann sie sich hierzu jederzeit an<br \/>einen Mitarbeiter des f\u00fcr die Verarbeitung Verantwortlichen wenden.<\/p>\n<p style=\"padding-left: 40px;\"><strong>i) Recht auf Widerruf einer datenschutzrechtlichen Einwilligung<\/strong><\/p>\n<p>Jede von der Verarbeitung personenbezogener Daten<br \/>betroffene Person hat das vom Europ\u00e4ischen Richtlinien- und Verordnungsgeber<br \/>gew\u00e4hrte Recht, eine Einwilligung zur Verarbeitung personenbezogener Daten<br \/>jederzeit zu widerrufen.<\/p>\n<p>M\u00f6chte die betroffene Person ihr Recht auf Widerruf<br \/>einer Einwilligung geltend machen, kann sie sich hierzu jederzeit an einen<br \/>Mitarbeiter des f\u00fcr die Verarbeitung Verantwortlichen wenden.<\/p>\n<ol start=\"8\">\n<li><strong> Rechtsgrundlage der Verarbeitung<\/strong><\/li>\n<\/ol>\n<p>Art. 6 I<br \/>lit. a DS-GVO dient unserem Unternehmen als Rechtsgrundlage f\u00fcr<br \/>Verarbeitungsvorg\u00e4nge, bei denen wir eine Einwilligung f\u00fcr einen bestimmten<br \/>Verarbeitungszweck einholen. Ist die Verarbeitung personenbezogener Daten zur<br \/>Erf\u00fcllung eines Vertrags, dessen Vertragspartei die betroffene Person ist,<br \/>erforderlich, wie dies beispielsweise bei Verarbeitungsvorg\u00e4ngen der Fall ist,<br \/>die f\u00fcr eine Lieferung von Waren oder die Erbringung einer sonstigen Leistung oder<br \/>Gegenleistung notwendig sind, so beruht die Verarbeitung auf Art. 6 I lit. b<br \/>DS-GVO. Gleiches gilt f\u00fcr solche Verarbeitungsvorg\u00e4nge die zur Durchf\u00fchrung<br \/>vorvertraglicher Ma\u00dfnahmen erforderlich sind, etwa in F\u00e4llen von Anfragen zur<br \/>unseren Produkten oder Leistungen. Unterliegt unser Unternehmen einer<br \/>rechtlichen Verpflichtung durch welche eine Verarbeitung von personenbezogenen<br \/>Daten erforderlich wird, wie beispielsweise zur Erf\u00fcllung steuerlicher<br \/>Pflichten, so basiert die Verarbeitung auf Art. 6 I lit. c DS-GVO. In seltenen<br \/>F\u00e4llen k\u00f6nnte die Verarbeitung von personenbezogenen Daten erforderlich werden,<br \/>um lebenswichtige Interessen der betroffenen Person oder einer anderen<br \/>nat\u00fcrlichen Person zu sch\u00fctzen. Dies w\u00e4re beispielsweise der Fall, wenn ein<br \/>Besucher in unserem Betrieb verletzt werden w\u00fcrde und daraufhin sein Name, sein<br \/>Alter, seine Krankenkassendaten oder sonstige lebenswichtige Informationen an<br \/>einen Arzt, ein Krankenhaus oder sonstige Dritte weitergegeben werden m\u00fcssten.<br \/>Dann w\u00fcrde die Verarbeitung auf Art. 6 I lit. d DS-GVO beruhen. Letztlich<br \/>k\u00f6nnten Verarbeitungsvorg\u00e4nge auf Art. 6 I lit. f DS-GVO beruhen. Auf dieser<br \/>Rechtsgrundlage basieren Verarbeitungsvorg\u00e4nge, die von keiner der vorgenannten<br \/>Rechtsgrundlagen erfasst werden, wenn die Verarbeitung zur Wahrung eines<br \/>berechtigten Interesses unseres Unternehmens oder eines Dritten erforderlich<br \/>ist, sofern die Interessen, Grundrechte und Grundfreiheiten des Betroffenen<br \/>nicht \u00fcberwiegen. Solche Verarbeitungsvorg\u00e4nge sind uns insbesondere deshalb gestattet,<br \/>weil sie durch den Europ\u00e4ischen Gesetzgeber besonders erw\u00e4hnt wurden. Er<br \/>vertrat insoweit die Auffassung, dass ein berechtigtes Interesse anzunehmen<br \/>sein k\u00f6nnte, wenn die betroffene Person ein Kunde des Verantwortlichen ist<br \/>(Erw\u00e4gungsgrund 47 Satz 2 DS-GVO).<\/p>\n<ol start=\"9\">\n<li><strong> Berechtigte Interessen an der Verarbeitung, die von<br \/>dem Verantwortlichen oder einem Dritten verfolgt werden<\/strong><\/li>\n<\/ol>\n<p>Basiert die<br \/>Verarbeitung personenbezogener Daten auf Artikel 6 I lit. f DS-GVO ist unser<br \/>berechtigtes Interesse die Durchf\u00fchrung unserer Gesch\u00e4ftst\u00e4tigkeit zugunsten<br \/>des Wohlergehens all unserer Mitarbeiter und unserer Anteilseigner.<\/p>\n<ol start=\"10\">\n<li><strong> Dauer, f\u00fcr die die personenbezogenen Daten<br \/>gespeichert werden<\/strong><\/li>\n<\/ol>\n<p>Das<br \/>Kriterium f\u00fcr die Dauer der Speicherung von personenbezogenen Daten ist die jeweilige<br \/>gesetzliche Aufbewahrungsfrist. Nach Ablauf der Frist werden die entsprechenden<br \/>Daten routinem\u00e4\u00dfig gel\u00f6scht, sofern sie nicht mehr zur Vertragserf\u00fcllung oder<br \/>Vertragsanbahnung erforderlich sind.<\/p>\n<ol start=\"11\">\n<li><strong> Gesetzliche oder vertragliche Vorschriften zur Bereitstellung<br \/>der personenbezogenen Daten; Erforderlichkeit f\u00fcr den Vertragsabschluss;<br \/>Verpflichtung der betroffenen Person, die personenbezogenen Daten<br \/>bereitzustellen; m\u00f6gliche Folgen der Nichtbereitstellung<\/strong><\/li>\n<\/ol>\n<p>Wir kl\u00e4ren<br \/>Sie dar\u00fcber auf, dass die Bereitstellung personenbezogener Daten zum Teil<br \/>gesetzlich vorgeschrieben ist (z.B. Steuervorschriften) oder sich auch aus<br \/>vertraglichen Regelungen (z.B. Angaben zum Vertragspartner) ergeben kann.<br \/>Mitunter kann es zu einem Vertragsschluss erforderlich sein, dass eine<br \/>betroffene Person uns personenbezogene Daten zur Verf\u00fcgung stellt, die in der<br \/>Folge durch uns verarbeitet werden m\u00fcssen. Die betroffene Person ist<br \/>beispielsweise verpflichtet uns personenbezogene Daten bereitzustellen, wenn<br \/>unser Unternehmen mit ihr einen Vertrag abschlie\u00dft. Eine Nichtbereitstellung<br \/>der personenbezogenen Daten h\u00e4tte zur Folge, dass der Vertrag mit dem<br \/>Betroffenen nicht geschlossen werden k\u00f6nnte. Vor einer Bereitstellung<br \/>personenbezogener Daten durch den Betroffenen muss sich der Betroffene an einen<br \/>unserer Mitarbeiter wenden. Unser Mitarbeiter kl\u00e4rt den Betroffenen<br \/>einzelfallbezogen dar\u00fcber auf, ob die Bereitstellung der personenbezogenen<br \/>Daten gesetzlich oder vertraglich vorgeschrieben oder f\u00fcr den Vertragsabschluss<br \/>erforderlich ist, ob eine Verpflichtung besteht, die personenbezogenen Daten<br \/>bereitzustellen, und welche Folgen die Nichtbereitstellung der<br \/>personenbezogenen Daten h\u00e4tte.<\/p>\n<ol start=\"12\">\n<li><strong> Bestehen einer automatisierten<br \/>Entscheidungsfindung<\/strong><\/li>\n<\/ol>\n<p>Als verantwortungsbewusstes Unternehmen verzichten wir auf eine automatische<br \/>Entscheidungsfindung oder ein Profiling.<\/p>\n<p>Diese Datenschutzerkl\u00e4rung wurde durch den Datenschutzerkl\u00e4rungs-Generator der DGD<br \/>Deutsche Gesellschaft f\u00fcr Datenschutz GmbH, die als <a href=\"https:\/\/dg-datenschutz.de\/datenschutz-dienstleistungen\/externer-datenschutzbeauftragter\/\">Datenschutzbeauftragter<\/a> t\u00e4tig ist, in Kooperation mit den <a href=\"https:\/\/www.wbs-law.de\/it-recht\/datenschutzrecht\/\"><strong>Datenschutz Anw\u00e4lten der<\/strong><strong><br \/><\/strong><strong>Kanzlei WILDE BEUGER SOLMECKE | Rechtsanw\u00e4lte<\/strong><\/a> erstellt<\/p>\n<p><\/p>\t\t\t\t\t<\/div>\n\t\t\t\t\t\t<\/div>\n\t\t\t\t<\/div>\n\t\t\t\t\t\t<\/div>\n\t\t\t\t\t<\/div>\n\t\t<\/div>\n\t\t\t\t\t\t\t\t<\/div>\n\t\t\t\t\t<\/div>\n\t\t<\/section>\n\t\t\t\t\t\t<\/div>\n\t\t\t\t\t\t<\/div>\n\t\t\t\t\t<\/div>\n\t\t","protected":false},"excerpt":{"rendered":"<p>Datenschutzerkl\u00e4rung Wir freuen uns sehr \u00fcber Ihr Interesse an unserer Ferienwohnung. Datenschutz hat einen besonders hohen Stellenwert f\u00fcr uns. Eine Nutzung der Internetseiten der Ferienwohnung WeserWeitblick.de ist grunds\u00e4tzlich ohne jede Angabe personenbezogener Daten m\u00f6glich. Sofern eine betroffene Person besondere Services unseres Unternehmens \u00fcber unsere Internetseite in Anspruch nehmen m\u00f6chte, k\u00f6nnte [&hellip;]<\/p>\n","protected":false},"author":1,"featured_media":0,"parent":0,"menu_order":0,"comment_status":"closed","ping_status":"closed","template":"","meta":[],"_links":{"self":[{"href":"https:\/\/weserweitblick.de\/index.php?rest_route=\/wp\/v2\/pages\/4398"}],"collection":[{"href":"https:\/\/weserweitblick.de\/index.php?rest_route=\/wp\/v2\/pages"}],"about":[{"href":"https:\/\/weserweitblick.de\/index.php?rest_route=\/wp\/v2\/types\/page"}],"author":[{"embeddable":true,"href":"https:\/\/weserweitblick.de\/index.php?rest_route=\/wp\/v2\/users\/1"}],"replies":[{"embeddable":true,"href":"https:\/\/weserweitblick.de\/index.php?rest_route=%2Fwp%2Fv2%2Fcomments&post=4398"}],"version-history":[{"count":5,"href":"https:\/\/weserweitblick.de\/index.php?rest_route=\/wp\/v2\/pages\/4398\/revisions"}],"predecessor-version":[{"id":4497,"href":"https:\/\/weserweitblick.de\/index.php?rest_route=\/wp\/v2\/pages\/4398\/revisions\/4497"}],"wp:attachment":[{"href":"https:\/\/weserweitblick.de\/index.php?rest_route=%2Fwp%2Fv2%2Fmedia&parent=4398"}],"curies":[{"name":"wp","href":"https:\/\/api.w.org\/{rel}","templated":true}]}}